{"id":4574,"date":"2016-03-09T09:44:42","date_gmt":"2016-03-09T09:44:42","guid":{"rendered":"http:\/\/anoiaturisme.cat\/?page_id=4574"},"modified":"2016-03-15T10:10:36","modified_gmt":"2016-03-15T10:10:36","slug":"ruta-3-al-servicio-de-pedro-el-ceremonioso","status":"publish","type":"page","link":"https:\/\/anoiaturisme.cat\/es\/tierra-de-castillos\/ruta-3-al-servicio-de-pedro-el-ceremonioso\/","title":{"rendered":"Ruta 3: Al servicio de Pedro el Ceremonioso"},"content":{"rendered":"<div>\n<img loading=\"lazy\" decoding=\"async\" class=\" RWD_img alignleft size-full wp-image-4170\" src=\"\/wp-content\/themes\/AnoiaTurisme\/library\/images\/Terra-de-Castells\/Ruta3\/Ruta3-Al-servicio-de-Pedro-el-Ceremonioso.png\" alt=\"Ruta-2-titol\" width=\"983\" height=\"214\" \/> <img loading=\"lazy\" decoding=\"async\" class=\"alignleft wp-image-4169 size-full\" src=\"\/wp-content\/themes\/AnoiaTurisme\/library\/images\/Terra-de-Castells\/Ruta3\/portada-RUTA3-es.jpg\" alt=\"\" width=\"380\" height=\"465\" \/>\n<p>El siglo XIII hab\u00eda supuesto el estallido del poder catal\u00e1n en el Mediterr\u00e1neo: Jaime I hab\u00eda incorporado a la Corona los reinos de Mallorca y Valencia, su hijo Pedro II hab\u00eda a\u00f1adido Sicilia, y su nieto Jaime II, Cerde\u00f1a. No obstante, los hijos de los monarcas se hab\u00edan ido repartiendo los reinos, lo que incluso hab\u00eda provocado enfrentamientos entre ellos.<\/p>\n<p>Resolver este problema fue el principal objetivo de Pedro III el Ceremonioso en el siglo XIV. Durante los m\u00e1s de 50 a\u00f1os de reinado, centr\u00f3 sus esfuerzos en reunificar todas las posesiones de la familia. Cuando muri\u00f3, Pedro III era rey de Arag\u00f3n, de Mallorca, de Valencia, de Cerde\u00f1a y de C\u00f3rcega, conde de Barcelona, de Rosell\u00f3n y de Cerda\u00f1a, y duque de Atenas y de Neopatria. Para lograrlo, Pedro tuvo que enfrentarse con Castilla y G\u00e9nova.<\/p>\n<p>La actual comarca de la Anoia se qued\u00f3 al margen de la mayor\u00eda de los escenarios de batalla de la \u00e9poca. Esto, que era una bendici\u00f3n para la poblaci\u00f3n civil, supon\u00eda un quebradero de cabeza para la nobleza militar, ya que los nobles no ten\u00edan suficiente con las riendas que les daban los castillos, sino que necesitaban participar de las ganancias de la guerra. Por este motivo, tuvieron que enrolarse al servicio de la Corona para optar a cargos p\u00fablicos en el Principado o en las nuevas posesiones. As\u00ed pues, en el siglo XIV, los nobles de la Anoia estaban repartidos por Mallorca, Cerde\u00f1a y Sicilia. Pero, \u00bfes realmente cierto que sus luchas por el poder no llegaron hasta la Anoia?<\/p>\n<\/div>\n<p><!-- families Claramunt --> <a name=\"Tous\"><\/a> <img loading=\"lazy\" decoding=\"async\" class=\" RWD_img alignleft size-full wp-image-4166 img-familia\" src=\"\/wp-content\/themes\/AnoiaTurisme\/library\/images\/Terra-de-Castells\/Ruta3\/Ruta3-Los-Tous.png\" alt=\"Fam\u00edlia\" width=\"983\" height=\"191\" \/><\/p>\n<p class=\"text-personatge\">En 1318, el obispado de Vic cedi\u00f3 a la Corona los castillos de Ocell\u00f3, de Espelt, de Montbui, de \u00d3dena y de Tous. Los monarcas acababan de ver como sus aliados en el territorio, los Claramunt, hab\u00edan perdido sus dominios en favor de los Cardona. Puesto que necesitaban un nuevo contrapoder en el territorio, apostaron por los Tous, a los que ayudaron d\u00e1ndoles cargos importantes (vegueros de Barcelona, gobernadores de Mallorca) y concedi\u00e9ndoles privilegios econ\u00f3micos. El enriquecimiento de la familia les permiti\u00f3 comprar, despu\u00e9s de 300 a\u00f1os como castellanos, todos los derechos sobre el t\u00e9rmino de Tous. Pero lo que r\u00e1pido sube, acostumbra a bajar r\u00e1pido&#8230;<\/p>\n<p><!-- Personatges --><\/p>\n<div class=\"div-personatge\">\n<div class=\"personatge\"><img loading=\"lazy\" decoding=\"async\" class=\"alignleft wp-image-4160 size-full\" src=\"\/wp-content\/themes\/AnoiaTurisme\/library\/images\/Terra-de-Castells\/Ruta3\/guillem-tous.jpg\" alt=\"\" width=\"223\" height=\"328\" \/><\/div>\n<div class=\"castells-personatge\">\n<h1>Ramon Guillem de Tous<\/h1>\n<p>Nacido a finales del siglo XIII, Ramon Guillem era un hijo segundog\u00e9nito del casal de Tous. Los nobles que no heredaban los t\u00edtulos de la familia solo pod\u00edan aspirar a concertar un buen matrimonio o a ganarse la vida con la espada. Este \u00faltimo fue el camino que escogi\u00f3 Ramon Guillem, que viaj\u00f3 a Sicilia para hacer de mercenario del rey Federico II. Acabada la guerra, sigui\u00f3 a Roger de Flor cuando fund\u00f3 la Gran Compa\u00f1\u00eda Catalana y viaj\u00f3 a Bizancio para defender al emperador Andr\u00f3nico. Envuelto en mil batallas contra los otomanos, Guillem Ramon estuvo presente en la cena en la que los bizantinos mataron a traici\u00f3n a Roger de Flor y a su s\u00e9quito. Solo salvaron la vida tres de sus acompa\u00f1antes, entre ellos Ramon Guillem de Tous. Su historial heroico acababa de empezar&#8230;<\/p>\n<p><a class=\"link-lila\" style=\"background: none; border: none; color: #000;\" href=\"#myPopupDialog\" data-rel=\"popup\" data-position-to=\"window\">Desenlace en Igualada <\/a><\/p>\n<\/div>\n<\/div>\n<p><!-- Personatges --><\/p>\n<div class=\"div-personatge\">\n<div class=\"personatge\"><img loading=\"lazy\" decoding=\"async\" class=\"alignleft wp-image-4160 size-full\" src=\"\/wp-content\/themes\/AnoiaTurisme\/library\/images\/Terra-de-Castells\/Ruta3\/beatriu.jpg\" alt=\"\" width=\"223\" height=\"328\" \/><\/div>\n<div class=\"castells-personatge\">\n<h1>Beatriu de Tous<\/h1>\n<p>Beatriu de Vilanova proced\u00eda de una familia valenciana. Su matrimonio con Bernat VII de Tous reforzaba las posiciones de las dos familias. No obstante, en 1409 su marido parti\u00f3 hacia Cerde\u00f1a para participar en la en\u00e9sima batalla en la isla, que tuvo lugar en Sanluri. Muri\u00f3 poco despu\u00e9s, casi al mismo tiempo que Mart\u00edn el Joven, hijo de Mart\u00edn el Humano. Beatriu qued\u00f3 viuda, con dos hijos peque\u00f1os y con un mont\u00f3n de deudas, pero estaba dispuesta a todo para salir de esa situaci\u00f3n, incluso acudir al rey Mart\u00edn. \u00bfDe d\u00f3nde proven\u00edan esas deudas? \u00bfConsigui\u00f3 Beatriu proteger la herencia de los Tous?<\/p>\n<p><a class=\"link-lila\" style=\"background: none; border: none; color: #000;\" href=\"#myPopupDialog\" data-rel=\"popup\" data-position-to=\"window\">Desenlace en el castillo de Tous <\/a><\/p>\n<\/div>\n<\/div>\n<p><!-- fi families --> <!-- families --> <a name=\"Montbui\"><\/a> <img loading=\"lazy\" decoding=\"async\" class=\" RWD_img alignleft size-full img-familia\" src=\"\/wp-content\/themes\/AnoiaTurisme\/library\/images\/Terra-de-Castells\/Ruta3\/Ruta3-Los-Montbui.png\" alt=\"Els Cardona\" width=\"983\" height=\"191\" \/><\/p>\n<p class=\"text-personatge\">En el siglo XIV, los Cardona empezaron a quedarse con todos los dominios de los Claramunt y, poco despu\u00e9s, consiguieron gran parte de las posesiones que hab\u00eda tenido el obispado de Vic en la zona. Con esto hab\u00edan rodeado la ciudad real de Igualada, pero les faltaba una pieza por conseguir: el se\u00f1or\u00edo de Tous. Para velar por sus intereses en la zona, los Cardona se valieron de dos familias: los Montbui y los Ocell\u00f3. Los Montbui consiguieron restar espacios de poder en la ciudad de Igualada y compitieron con los Tous en la obtenci\u00f3n de cargos p\u00fablicos. Los Ocell\u00f3 se enfrentaron con los Castellol\u00ed, habituales aliados de los Tous. \u00bfConsiguieron los Cardona y sus vasallos frenar el ascenso de los Tous y de la ciudad de Igualada?<\/p>\n<p><!-- Personatge 1 --><\/p>\n<div class=\"div-personatge\">\n<div class=\"personatge\"><img loading=\"lazy\" decoding=\"async\" class=\"alignleft wp-image-4160 size-full\" src=\"\/wp-content\/themes\/AnoiaTurisme\/library\/images\/Terra-de-Castells\/Ruta3\/joan-montbui.jpg\" alt=\"\" width=\"223\" height=\"328\" \/><\/div>\n<div class=\"castells-personatge\">\n<h1>Joan I de Montbui<\/h1>\n<p>Fue un vasallo fiel de Hug II de Cardona, pero actu\u00f3 con prudencia para ganarse la confianza de la monarqu\u00eda. De esta forma, particip\u00f3 en la campa\u00f1a enviada por Pere III a Cerde\u00f1a para sofocar la revuelta de los Arborea.<\/p>\n<p>El a\u00f1o 1375 supuso un punto de inflexi\u00f3n en su vida: el rey Pedro III nombr\u00f3 a Hug II conde de Cardona y lo hizo consejero real. Desde esta posici\u00f3n, Hug intervino para que se reconociera el dominio de Joan I de Montbui sobre las aguas del r\u00edo Anoia y sobre el molino del monasterio, lo que le proporcionaba una posici\u00f3n importante en Igualada. Tambi\u00e9n increment\u00f3 sus posesiones en la comarca y en las cercan\u00edas. Cuando Juan I el Cazador, hijo de Pedro III, fue coronado rey, mantuvo a Hug II de Cardona como consejero. Fue entonces cuando la vida de Joan de Montbui hizo un salto cualitativo: volvi\u00f3 a Cerde\u00f1a como gobernador de la isla y como se\u00f1or del castillo de C\u00e1ller. A su lado se encontraba su hermano Francesc, que le hac\u00eda de lugarteniente. M\u00e1s tarde recibir\u00eda cargos en Fraga, pero los Montbui ya hab\u00edan fijado su trama de poder en Cerde\u00f1a. \u00bfCon qu\u00e9 consecuencias?<\/p>\n<p><a class=\"link-lila\" style=\"background: none; border: none; color: #000;\" href=\"#myPopupDialog\" data-rel=\"popup\" data-position-to=\"window\">Desenlace en el castillo de Montbui<\/a><\/p>\n<\/div>\n<\/div>\n<p><!-- fi personatge 1--> <!-- Personatge 1 --><\/p>\n<div class=\"div-personatge\">\n<div class=\"personatge\"><img loading=\"lazy\" decoding=\"async\" class=\"alignleft wp-image-4160 size-full\" src=\"\/wp-content\/themes\/AnoiaTurisme\/library\/images\/Terra-de-Castells\/Ruta3\/pere-ocello.jpg\" alt=\"\" width=\"223\" height=\"328\" \/><\/div>\n<div class=\"castells-personatge\">\n<h1>Pere d\u2019Ocell\u00f3<\/h1>\n<p>Naci\u00f3 a finales del siglo XIII en el peque\u00f1o castillo de Ocell\u00f3, propiedad del obispado de Vic. Como hijo segundog\u00e9nito de un castellano menor, no pod\u00eda aspirar a llegar muy lejos, pero sus perspectivas vitales cambiaron cuando Ramon Guillem de Tous, tambi\u00e9n segundog\u00e9nito y vasallo de Vic, le dijo que quer\u00eda ir a combatir a Sicilia. Pere no lo dud\u00f3 y, siendo a\u00fan un chiquillo, se embarc\u00f3 hacia Sicilia, desde donde sigui\u00f3 los mismos pasos que Ramon Guillem y se fue a combatir con la Gran Compa\u00f1\u00eda Catalana en Bisancio.<\/p>\n<p>A pesar de perder un brazo en la batalla, no abandon\u00f3 a la Compa\u00f1\u00eda hasta que se tom\u00f3 Atenas. Entonces pas\u00f3 mil penurias mientras deshac\u00eda el camino de vuelta a su casa, donde encontr\u00f3 a los Ocell\u00f3 haciendo de vasallos de los Cardona. Los Tous, a los que apreciaba por su compa\u00f1ero de aventuras, ahora eran los enemigos de su familia. Rechazado por los suyos y sin ning\u00fan derecho a heredar, se fue a vivir a Igualada. \u00bfC\u00f3mo rehizo su vida? \u00bfQu\u00e9 historias pod\u00eda explicar y cu\u00e1les le quedaban por vivir a Pere de Ocell\u00f3?<\/p>\n<p><a class=\"link-lila\" style=\"background: none; border: none; color: #000;\" href=\"#myPopupDialog\" data-rel=\"popup\" data-position-to=\"window\">Desenlace en Igualada<\/a><\/p>\n<\/div>\n<\/div>\n<p><!-- fi personatge 1--> <!-- fi families --> <!-- families --> <a name=\"Queralt\"><\/a> <img loading=\"lazy\" decoding=\"async\" class=\" RWD_img alignleft size-full img-familia\" src=\"\/wp-content\/themes\/AnoiaTurisme\/library\/images\/Terra-de-Castells\/Ruta3\/Ruta3-Los-Queralt.png\" alt=\"familia\" width=\"983\" height=\"191\" \/><\/p>\n<p class=\"text-personatge\">En el siglo XIV, la familia Queralt ya no viv\u00eda en el castillo que les daba nombre. Se hab\u00edan trasladado a la villa de Santa Coloma de Queralt, una ciudad rica y activa, especialmente gracias a su comunidad jud\u00eda. A diferencia de otros lugares, los barones de Queralt ten\u00edan jurisdicci\u00f3n directa sobre los jud\u00edos de Santa Coloma, lo que les proporcionaba un poder estable. Esta base hac\u00eda que los Queralt estuvieran especialmente interesados en proteger y ampliar su territorio, al mismo tiempo que no descuidaban sus relaciones con la monarqu\u00eda ni su participaci\u00f3n en la pol\u00edtica internacional.<\/p>\n<p><!-- Personatge 1 --><\/p>\n<div class=\"div-personatge\">\n<div class=\"personatge\"><img loading=\"lazy\" decoding=\"async\" class=\"alignleft wp-image-4160 size-full\" src=\"\/wp-content\/themes\/AnoiaTurisme\/library\/images\/Terra-de-Castells\/Ruta3\/dalmau.jpg\" alt=\"\" width=\"223\" height=\"328\" \/><\/div>\n<div class=\"castells-personatge\">\n<h1>Dalmau I de Queralt y Rocabert\u00ed<\/h1>\n<p>Durante la guerra contra Castilla, Pedro el Ceremonioso design\u00f3 a Dalmau jefe de las fuerzas fronterizas. A ra\u00edz de su buena intervenci\u00f3n en ese combate, tambi\u00e9n particip\u00f3 en la defensa de Catalu\u00f1a durante la invasi\u00f3n del infante de Mallorca. Hombre de confianza del rey Pedro, acompa\u00f1\u00f3 a la infanta Leonor a Castilla para casarse con el rey (de cuyo matrimonio nacer\u00eda Fernando de Antequera). Posteriormente, Dalmau fue consejero y camarlengo del rey, y tambi\u00e9n consejero del infante Juan. Este \u00faltimo le vendi\u00f3 varias se\u00f1or\u00edas, pero al final result\u00f3 que no eran suyas, sino de su mujer Violante de Bar. \u00bfC\u00f3mo se resolvi\u00f3 el litigio?<\/p>\n<p><a class=\"link-lila\" style=\"background: none; border: none; color: #000;\" href=\"#myPopupDialog\" data-rel=\"popup\" data-position-to=\"window\">Desenlace en el castillo de Argen\u00e7ola<\/a><\/p>\n<\/div>\n<\/div>\n<p><!-- fi personatge 1--> <!-- Personatge 1 --><\/p>\n<div class=\"div-personatge\">\n<div class=\"personatge\"><img loading=\"lazy\" decoding=\"async\" class=\"alignleft wp-image-4160 size-full\" src=\"\/wp-content\/themes\/AnoiaTurisme\/library\/images\/Terra-de-Castells\/Ruta3\/pere-queralt.jpg\" alt=\"\" width=\"223\" height=\"328\" \/><\/div>\n<div class=\"castells-personatge\">\n<h1>Pere VI de Queralt y de Pin\u00f3s<\/h1>\n<p>A principios del reinado de Juan I, un grupo de nobles se revelaron en su contra porque estaban descontentos con los consejeros que ten\u00eda. Pere VI de Queralt era uno de estos nobles, que resolvieron el conflicto con la destituci\u00f3n de los consejeros. Con una extensa biblioteca y una obra propia como poeta, Pere no era el arquetipo de noble militar. A pesar de ello, acompa\u00f1\u00f3 al infante Mart\u00edn (futuro Mart\u00edn el Humano) en su expedici\u00f3n a Sicilia. Hizo de embajador en Roma ante el emperador y ante el rey de N\u00e1poles, y con Mart\u00edn como rey colabor\u00f3 en la organizaci\u00f3n de la cruzada contra Tunicia. No obstante, el reto m\u00e1s grande lo tuvo dentro de sus dominios.<\/p>\n<p><a class=\"link-lila\" style=\"background: none; border: none; color: #000;\" href=\"#myPopupDialog\" data-rel=\"popup\" data-position-to=\"window\">Desenlace en el castillo de Queralt<\/a><\/p>\n<\/div>\n<\/div>\n<p><!-- fi personatge 1--> <!-- fi families --> <!-- families --> <a name=\"Cervello\"><\/a> <img loading=\"lazy\" decoding=\"async\" class=\" RWD_img alignleft size-full img-familia\" src=\"\/wp-content\/themes\/AnoiaTurisme\/library\/images\/Terra-de-Castells\/Ruta3\/Ruta3-Los-Cervello.png\" alt=\"Fam\u00edlia\" width=\"983\" height=\"191\" \/><\/p>\n<p class=\"text-personatge\">Hombres de confianza de la Corona, los Cervell\u00f3 ejercieron con eficacia las funciones militares que se les asign\u00f3. Entre ellas, destacaron en la dominaci\u00f3n militar y en el gobierno de Cerde\u00f1a. Este servicio del lado de la monarqu\u00eda les permiti\u00f3 ser se\u00f1ores de sus castillos, que agruparon en la baron\u00eda de la Llacuna. No obstante, el suyo no fue un camino de rosas, sino que estuvo marcado por la violencia.<\/p>\n<p><!-- Personatge 1 --><\/p>\n<div class=\"div-personatge\">\n<div class=\"personatge\"><img loading=\"lazy\" decoding=\"async\" class=\"alignleft wp-image-4160 size-full\" src=\"\/wp-content\/themes\/AnoiaTurisme\/library\/images\/Terra-de-Castells\/Ruta3\/quillem-cervello.jpg\" alt=\"\" width=\"223\" height=\"328\" \/><\/div>\n<div class=\"castells-personatge\">\n<h1>Guillem de Cervell\u00f3 y de Banyeres<\/h1>\n<p>De joven acompa\u00f1\u00f3 a su padre en la conquista de Cerde\u00f1a, donde su padre perder\u00eda la vida. Guillem se distingui\u00f3 por varias acciones en batalla y actu\u00f3 como testigo en el Tratado de Paz con Pisa. Con esta carta de presentaci\u00f3n fue nombrado gobernador de Cerde\u00f1a, pero le sustituyeron r\u00e1pidamente por Bernat de Boixadors. A Guillem de Cervell\u00f3 le estaban reservados encargos m\u00e1s comprometidos: hacer de lugarteniente del infante Pedro (futuro Pedro III) en la procuraci\u00f3n de Catalu\u00f1a, capitanear la armada catalana contra los genoveses, acudir a Urgell para resistir a la invasi\u00f3n del conde de Foix y desarrollar varias funciones en el reino de Valencia.<\/p>\n<p>En ese momento se le concedi\u00f3 el pleno se\u00f1or\u00edo de sus castillos y privilegios para la Llacuna, pero el rey Pedro sab\u00eda que le ten\u00eda que devolver el cargo de gobernador de Cerde\u00f1a, y as\u00ed lo hizo. Pero, \u00bfc\u00f3mo le fue a Guillem el regreso a Cerde\u00f1a?<\/p>\n<p><a class=\"link-lila\" style=\"background: none; border: none; color: #000;\" href=\"#myPopupDialog\" data-rel=\"popup\" data-position-to=\"window\">Desenlace en el castillo de Viladem\u00e0ger<br \/>\n<\/a><\/p>\n<\/div>\n<\/div>\n<p><!-- fi personatge 1--> <!-- Personatge 1 --><\/p>\n<div class=\"div-personatge\">\n<div class=\"personatge\"><img loading=\"lazy\" decoding=\"async\" class=\"alignleft wp-image-4160 size-full\" src=\"\/wp-content\/themes\/AnoiaTurisme\/library\/images\/Terra-de-Castells\/Ruta3\/berenguer-cervello.jpg\" alt=\"\" width=\"223\" height=\"328\" \/><\/div>\n<div class=\"castells-personatge\">\n<h1>Berenguer Arnau II de Cervell\u00f3 y de Queralt<\/h1>\n<p>Del mismo modo que su abuelo Guillem de Cervell\u00f3 hab\u00eda forjado su carrera siendo el hombre de confianza del infante Pedro, Berenguer Arnau prosper\u00f3 sirviendo en la corte del infante Mart\u00edn.<\/p>\n<p>Lo acompa\u00f1\u00f3 en la expedici\u00f3n en ayuda de Castilla en la guerra contra Portugal, en la defensa de Catalu\u00f1a contra las tropas de Arma\u00f1ac y en la expedici\u00f3n a Sicilia, donde cay\u00f3 prisionero. Volvi\u00f3 a Catalu\u00f1a con Mart\u00edn convertido en rey.<\/p>\n<p>Particip\u00f3 en duelos y en los bandos del Reino de Valencia, y recibi\u00f3 del rey cargos en el Valle de Ar\u00e1n. No obstante, la misi\u00f3n que m\u00e1s le satisfizo fue la expedici\u00f3n a Cerde\u00f1a de 1409. All\u00ed su apellido era m\u00edtico, pero los tiempos hab\u00edan cambiado y ahora se impon\u00eda el apellido Montbui.<\/p>\n<p><a class=\"link-lila\" style=\"background: none; border: none; color: #000;\" href=\"#myPopupDialog\" data-rel=\"popup\" data-position-to=\"window\">Desenlace en el castillo de Miralles<\/a><\/p>\n<\/div>\n<\/div>\n<p><!-- fi personatge 1--> <!-- fi families --> <!-- families --> <a name=\"Espais-reials-i-Esglesia\"><\/a> <img loading=\"lazy\" decoding=\"async\" class=\" RWD_img alignleft size-full img-familia\" src=\"\/wp-content\/themes\/AnoiaTurisme\/library\/images\/Terra-de-Castells\/Ruta3\/Ruta3-Espacios-reales-y-Iglesia.png\" alt=\"Fam\u00edlia\" width=\"983\" height=\"191\" \/><\/p>\n<p class=\"text-personatge\">La ciudad de Igualada ya hac\u00eda tiempo que volaba sola y sus ciudadanos se organizaban a imagen de las instituciones del Principado. Hab\u00eda otros territorios que quedaban fuera de la jurisdicci\u00f3n de los se\u00f1ores de la zona: Contrast (propiedad del priorato de Montserrat) y Roqueta (en manos de Santes Creus). A pesar de no representar unos n\u00facleos destacados, ten\u00edan su papel en el territorio.<\/p>\n<p><!-- Personatge 1 --><\/p>\n<div class=\"div-personatge\">\n<div class=\"personatge\"><img loading=\"lazy\" decoding=\"async\" class=\"alignleft wp-image-4160 size-full\" src=\"\/wp-content\/themes\/AnoiaTurisme\/library\/images\/Terra-de-Castells\/Ruta3\/batlle.jpg\" alt=\"\" width=\"223\" height=\"328\" \/><\/div>\n<div class=\"castells-personatge\">\n<h1>Pere Mir\u00f3<\/h1>\n<p>Pertenec\u00eda a una de las familias m\u00e1s ricas de Igualada y no se privaba de ostentarlo. A pesar de haber mostrado desinter\u00e9s para ocupar cargos en las instituciones, el monasterio de Sant Cugat lo nombr\u00f3 alcalde de la ciudad. No fue muy eficiente en sus funciones, pero en 1406 se produjo un conflicto que no pudo eludir.<\/p>\n<p><a class=\"link-lila\" style=\"background: none; border: none; color: #000;\" href=\"#myPopupDialog\" data-rel=\"popup\" data-position-to=\"window\">Desenlace en el castillo de Orp\u00ed <\/a><\/p>\n<\/div>\n<\/div>\n<p><!-- fi personatge 1--> <!-- Personatge 1 --><\/p>\n<div class=\"div-personatge\">\n<div class=\"personatge\"><img loading=\"lazy\" decoding=\"async\" class=\"alignleft wp-image-4160 size-full\" src=\"\/wp-content\/themes\/AnoiaTurisme\/library\/images\/Terra-de-Castells\/Ruta3\/ramon-vilaragut.jpg\" alt=\"\" width=\"223\" height=\"328\" \/><\/div>\n<div class=\"castells-personatge\">\n<h1>Ramon de Vilaragut<\/h1>\n<p>Su padre, Guillem de Vilaragut, hab\u00eda luchado en Sicilia contra el rey Federico II. A pesar de ello, no le pudo transmitir muchas historias de batallas, ya que muri\u00f3 cuando Ramon era peque\u00f1o. Lo encomendaron a la vida mon\u00e1stica; primero en Ripoll y despu\u00e9s en Santa Maria de Montserrat, donde lleg\u00f3 a ser prior. All\u00ed hizo levantar el palacio Prioral de Monistrol como su residencia. Dentro de sus atribuciones se encontraba la visita y la organizaci\u00f3n de las posesiones del priorato, como Contrast. Nunca habr\u00eda podido predecir lo que le all\u00ed le suceder\u00eda.<\/p>\n<p><a class=\"link-lila\" style=\"background: none; border: none; color: #000;\" href=\"#myPopupDialog\" data-rel=\"popup\" data-position-to=\"window\">Desenlace en la Torre de Contrast<\/a><\/p>\n<\/div>\n<\/div>\n<p><!-- fi personatge 1--> <!-- Personatge 1 --><\/p>\n<div class=\"div-personatge\">\n<div class=\"personatge\"><img loading=\"lazy\" decoding=\"async\" class=\"alignleft wp-image-4160 size-full\" src=\"\/wp-content\/themes\/AnoiaTurisme\/library\/images\/Terra-de-Castells\/Ruta3\/guillem-ferrera.jpg\" alt=\"\" width=\"223\" height=\"328\" \/><\/div>\n<div class=\"castells-personatge\">\n<h1>Guillem de Ferrera<\/h1>\n<p>Coincidiendo con la \u00e9poca de la peste negra, se produjo un cambio de abad en el monasterio de Santes Creus. El sucesor del abad Mir\u00f3 fue Guillem de Ferrera, que no fue elegido por la comunidad monacal, sino impuesto por nombramiento papal a sugerencia del rey.<\/p>\n<p>No obstante, Guillem se enemist\u00f3 con el rey debido a los proyectos de fortificaci\u00f3n del monasterio que Pedro ten\u00eda y por la venta de unos derechos se\u00f1oriales a los Cervell\u00f3. \u00bfQu\u00e9 medidas tom\u00f3 Pedro para quitarle poder a Guillem?<\/p>\n<p><a class=\"link-lila\" style=\"background: none; border: none; color: #000;\" href=\"#myPopupDialog\" data-rel=\"popup\" data-position-to=\"window\">Desenlace en el castillo de la Roqueta<br \/>\n<\/a><\/p>\n<\/div>\n<\/div>\n<p><!-- fi personatge 1--> <!-- fi families --><\/p>\n","protected":false},"excerpt":{"rendered":"<p>El siglo XIII hab\u00eda supuesto el estallido del poder catal\u00e1n en el Mediterr\u00e1neo: Jaime I hab\u00eda incorporado a la Corona los reinos de Mallorca y Valencia, su hijo Pedro II hab\u00eda a\u00f1adido Sicilia, y su nieto Jaime II, Cerde\u00f1a. No obstante, los hijos de los monarcas se hab\u00edan ido repartiendo los reinos, lo que incluso&#8230;  <a class=\"excerpt-read-more\" href=\"https:\/\/anoiaturisme.cat\/es\/tierra-de-castillos\/ruta-3-al-servicio-de-pedro-el-ceremonioso\/\" title=\"ReadRuta 3: Al servicio de Pedro el Ceremonioso\">Read more &raquo;<\/a><\/p>\n","protected":false},"author":1,"featured_media":0,"parent":4600,"menu_order":34,"comment_status":"closed","ping_status":"closed","template":"page-terra-de-castells-ruta3.php","meta":{"_acf_changed":false,"footnotes":""},"class_list":["post-4574","page","type-page","status-publish","hentry"],"acf":[],"yoast_head":"<!-- This site is optimized with the Yoast SEO plugin v26.8 - https:\/\/yoast.com\/product\/yoast-seo-wordpress\/ -->\n<title>Ruta 3: Al servicio de Pedro el Ceremonioso &#183; Anoia Turisme<\/title>\n<meta name=\"robots\" content=\"index, follow, max-snippet:-1, max-image-preview:large, max-video-preview:-1\" \/>\n<link rel=\"canonical\" href=\"https:\/\/anoiaturisme.cat\/es\/tierra-de-castillos\/ruta-3-al-servicio-de-pedro-el-ceremonioso\/\" \/>\n<meta property=\"og:locale\" content=\"es_ES\" \/>\n<meta property=\"og:type\" content=\"article\" \/>\n<meta property=\"og:title\" content=\"Ruta 3: Al servicio de Pedro el Ceremonioso &#183; Anoia Turisme\" \/>\n<meta property=\"og:description\" content=\"El siglo XIII hab\u00eda supuesto el estallido del poder catal\u00e1n en el Mediterr\u00e1neo: Jaime I hab\u00eda incorporado a la Corona los reinos de Mallorca y Valencia, su hijo Pedro II hab\u00eda a\u00f1adido Sicilia, y su nieto Jaime II, Cerde\u00f1a. No obstante, los hijos de los monarcas se hab\u00edan ido repartiendo los reinos, lo que incluso... Read more &raquo;\" \/>\n<meta property=\"og:url\" content=\"https:\/\/anoiaturisme.cat\/es\/tierra-de-castillos\/ruta-3-al-servicio-de-pedro-el-ceremonioso\/\" \/>\n<meta property=\"og:site_name\" content=\"Anoia Turisme\" \/>\n<meta property=\"article:publisher\" content=\"https:\/\/www.facebook.com\/anoiaturisme\/\" \/>\n<meta property=\"article:modified_time\" content=\"2016-03-15T10:10:36+00:00\" \/>\n<meta name=\"twitter:card\" content=\"summary_large_image\" \/>\n<meta name=\"twitter:site\" content=\"@anoia_turisme\" \/>\n<meta name=\"twitter:label1\" content=\"Tiempo de lectura\" \/>\n\t<meta name=\"twitter:data1\" content=\"12 minutos\" \/>\n<script type=\"application\/ld+json\" class=\"yoast-schema-graph\">{\"@context\":\"https:\/\/schema.org\",\"@graph\":[{\"@type\":\"WebPage\",\"@id\":\"https:\/\/anoiaturisme.cat\/es\/tierra-de-castillos\/ruta-3-al-servicio-de-pedro-el-ceremonioso\/\",\"url\":\"https:\/\/anoiaturisme.cat\/es\/tierra-de-castillos\/ruta-3-al-servicio-de-pedro-el-ceremonioso\/\",\"name\":\"Ruta 3: Al servicio de Pedro el Ceremonioso &#183; Anoia Turisme\",\"isPartOf\":{\"@id\":\"https:\/\/anoiaturisme.cat\/#website\"},\"datePublished\":\"2016-03-09T09:44:42+00:00\",\"dateModified\":\"2016-03-15T10:10:36+00:00\",\"breadcrumb\":{\"@id\":\"https:\/\/anoiaturisme.cat\/es\/tierra-de-castillos\/ruta-3-al-servicio-de-pedro-el-ceremonioso\/#breadcrumb\"},\"inLanguage\":\"es\",\"potentialAction\":[{\"@type\":\"ReadAction\",\"target\":[\"https:\/\/anoiaturisme.cat\/es\/tierra-de-castillos\/ruta-3-al-servicio-de-pedro-el-ceremonioso\/\"]}]},{\"@type\":\"BreadcrumbList\",\"@id\":\"https:\/\/anoiaturisme.cat\/es\/tierra-de-castillos\/ruta-3-al-servicio-de-pedro-el-ceremonioso\/#breadcrumb\",\"itemListElement\":[{\"@type\":\"ListItem\",\"position\":1,\"name\":\"Inici\",\"item\":\"https:\/\/anoiaturisme.cat\/es\/\"},{\"@type\":\"ListItem\",\"position\":2,\"name\":\"Tierra de Castillos\",\"item\":\"https:\/\/anoiaturisme.cat\/es\/tierra-de-castillos\/\"},{\"@type\":\"ListItem\",\"position\":3,\"name\":\"Ruta 3: Al servicio de Pedro el Ceremonioso\"}]},{\"@type\":\"WebSite\",\"@id\":\"https:\/\/anoiaturisme.cat\/#website\",\"url\":\"https:\/\/anoiaturisme.cat\/\",\"name\":\"Anoia Turisme\",\"description\":\"Vine a con\u00e8xier l&#039;Anoia!\",\"potentialAction\":[{\"@type\":\"SearchAction\",\"target\":{\"@type\":\"EntryPoint\",\"urlTemplate\":\"https:\/\/anoiaturisme.cat\/?s={search_term_string}\"},\"query-input\":{\"@type\":\"PropertyValueSpecification\",\"valueRequired\":true,\"valueName\":\"search_term_string\"}}],\"inLanguage\":\"es\"}]}<\/script>\n<!-- \/ Yoast SEO plugin. -->","yoast_head_json":{"title":"Ruta 3: Al servicio de Pedro el Ceremonioso &#183; Anoia Turisme","robots":{"index":"index","follow":"follow","max-snippet":"max-snippet:-1","max-image-preview":"max-image-preview:large","max-video-preview":"max-video-preview:-1"},"canonical":"https:\/\/anoiaturisme.cat\/es\/tierra-de-castillos\/ruta-3-al-servicio-de-pedro-el-ceremonioso\/","og_locale":"es_ES","og_type":"article","og_title":"Ruta 3: Al servicio de Pedro el Ceremonioso &#183; Anoia Turisme","og_description":"El siglo XIII hab\u00eda supuesto el estallido del poder catal\u00e1n en el Mediterr\u00e1neo: Jaime I hab\u00eda incorporado a la Corona los reinos de Mallorca y Valencia, su hijo Pedro II hab\u00eda a\u00f1adido Sicilia, y su nieto Jaime II, Cerde\u00f1a. No obstante, los hijos de los monarcas se hab\u00edan ido repartiendo los reinos, lo que incluso... Read more &raquo;","og_url":"https:\/\/anoiaturisme.cat\/es\/tierra-de-castillos\/ruta-3-al-servicio-de-pedro-el-ceremonioso\/","og_site_name":"Anoia Turisme","article_publisher":"https:\/\/www.facebook.com\/anoiaturisme\/","article_modified_time":"2016-03-15T10:10:36+00:00","twitter_card":"summary_large_image","twitter_site":"@anoia_turisme","twitter_misc":{"Tiempo de lectura":"12 minutos"},"schema":{"@context":"https:\/\/schema.org","@graph":[{"@type":"WebPage","@id":"https:\/\/anoiaturisme.cat\/es\/tierra-de-castillos\/ruta-3-al-servicio-de-pedro-el-ceremonioso\/","url":"https:\/\/anoiaturisme.cat\/es\/tierra-de-castillos\/ruta-3-al-servicio-de-pedro-el-ceremonioso\/","name":"Ruta 3: Al servicio de Pedro el Ceremonioso &#183; Anoia Turisme","isPartOf":{"@id":"https:\/\/anoiaturisme.cat\/#website"},"datePublished":"2016-03-09T09:44:42+00:00","dateModified":"2016-03-15T10:10:36+00:00","breadcrumb":{"@id":"https:\/\/anoiaturisme.cat\/es\/tierra-de-castillos\/ruta-3-al-servicio-de-pedro-el-ceremonioso\/#breadcrumb"},"inLanguage":"es","potentialAction":[{"@type":"ReadAction","target":["https:\/\/anoiaturisme.cat\/es\/tierra-de-castillos\/ruta-3-al-servicio-de-pedro-el-ceremonioso\/"]}]},{"@type":"BreadcrumbList","@id":"https:\/\/anoiaturisme.cat\/es\/tierra-de-castillos\/ruta-3-al-servicio-de-pedro-el-ceremonioso\/#breadcrumb","itemListElement":[{"@type":"ListItem","position":1,"name":"Inici","item":"https:\/\/anoiaturisme.cat\/es\/"},{"@type":"ListItem","position":2,"name":"Tierra de Castillos","item":"https:\/\/anoiaturisme.cat\/es\/tierra-de-castillos\/"},{"@type":"ListItem","position":3,"name":"Ruta 3: Al servicio de Pedro el Ceremonioso"}]},{"@type":"WebSite","@id":"https:\/\/anoiaturisme.cat\/#website","url":"https:\/\/anoiaturisme.cat\/","name":"Anoia Turisme","description":"Vine a con\u00e8xier l&#039;Anoia!","potentialAction":[{"@type":"SearchAction","target":{"@type":"EntryPoint","urlTemplate":"https:\/\/anoiaturisme.cat\/?s={search_term_string}"},"query-input":{"@type":"PropertyValueSpecification","valueRequired":true,"valueName":"search_term_string"}}],"inLanguage":"es"}]}},"_links":{"self":[{"href":"https:\/\/anoiaturisme.cat\/es\/wp-json\/wp\/v2\/pages\/4574","targetHints":{"allow":["GET"]}}],"collection":[{"href":"https:\/\/anoiaturisme.cat\/es\/wp-json\/wp\/v2\/pages"}],"about":[{"href":"https:\/\/anoiaturisme.cat\/es\/wp-json\/wp\/v2\/types\/page"}],"author":[{"embeddable":true,"href":"https:\/\/anoiaturisme.cat\/es\/wp-json\/wp\/v2\/users\/1"}],"replies":[{"embeddable":true,"href":"https:\/\/anoiaturisme.cat\/es\/wp-json\/wp\/v2\/comments?post=4574"}],"version-history":[{"count":0,"href":"https:\/\/anoiaturisme.cat\/es\/wp-json\/wp\/v2\/pages\/4574\/revisions"}],"up":[{"embeddable":true,"href":"https:\/\/anoiaturisme.cat\/es\/wp-json\/wp\/v2\/pages\/4600"}],"wp:attachment":[{"href":"https:\/\/anoiaturisme.cat\/es\/wp-json\/wp\/v2\/media?parent=4574"}],"curies":[{"name":"wp","href":"https:\/\/api.w.org\/{rel}","templated":true}]}}