{"id":4731,"date":"2016-03-01T15:29:21","date_gmt":"2016-03-01T15:29:21","guid":{"rendered":"http:\/\/anoiaturisme.cat\/es\/?page_id=4731"},"modified":"2016-04-26T09:57:21","modified_gmt":"2016-04-26T09:57:21","slug":"ruta-2-a-la-sombra-del-rey-jaime-l","status":"publish","type":"page","link":"https:\/\/anoiaturisme.cat\/es\/tierra-de-castillos\/ruta-2-a-la-sombra-del-rey-jaime-l\/","title":{"rendered":"Ruta 2: A la sombra del rey Jaime I"},"content":{"rendered":"<div><img loading=\"lazy\" decoding=\"async\" class=\" RWD_img alignleft size-full wp-image-4170\" src=\"\/wp-content\/themes\/AnoiaTurisme\/library\/images\/Terra-de-Castells\/Ruta_2\/Ruta2-titol-es.png\" alt=\"Ruta-2\" width=\"983\" height=\"214\" \/><\/p>\n<img loading=\"lazy\" decoding=\"async\" class=\"alignleft wp-image-4169 size-full\" src=\"\/wp-content\/themes\/AnoiaTurisme\/library\/images\/Terra-de-Castells\/Ruta_2\/portada-RUTA2-CASTELLA.jpg\" alt=\"Ruta\" width=\"380\" height=\"465\" \/>\n<p>El siglo XIII fue determinante para los castillos de la Anoia y sus habitantes: pas\u00f3 de ser una tierra de frontera a ser la cuna de los conquistadores y los colonizadores de los reinos sometidos por Jaime I. La baja nobleza de la Anoia era castellana (guardiana) de los castillos, pero no era propietaria. La expansi\u00f3n supuso para ellos una forma de enriquecimiento y gloria militar. Por otro lado, el rey Jaime, cuestionado en su juventud por los nobles (entre los que tambi\u00e9n se encontraban los habitantes de la Anoia), conseguir\u00e1 convertirse en la figura central de esa \u00e9poca gracias a su lideraje en la conquista.\n<\/p>\n<p>La actual comarca de la Anoia se convirti\u00f3 en el tablero de una partida de ajedrez a cuatro bandos. Los Claramunt se\u00f1oreaban el centro y el sur de la comarca, los Cardona ya se hab\u00edan apoderado de \u00d3dena y Castellol\u00ed, el rey ten\u00eda posesiones en Piera y Cabrera, y la Iglesia velaba por sus intereses en la villa de Igualada y el extremo sur del actual t\u00e9rmino de Piera. Estos cuatro poderes mantuvieron relaciones constantes, y no faltaron los pactos, las traiciones, los cr\u00edmenes y los gestos de audacia.\n<\/p>\n<p>La partida para hacerse con la Anoia pas\u00f3 por numerosos intercambios de poder y fue clave para el futuro del pa\u00eds. \u00bfC\u00f3mo consigui\u00f3 Jaime I superar las revueltas de los nobles? \u00bfComo consigui\u00f3 el abad de Sant Cugat blindar Igualada ante el asedio de los se\u00f1ores de su entorno? Si quer\u00e9is resolver estas y otras preguntas, adentraos en la constelaci\u00f3n de historias entrecruzadas del siglo XIII en la Anoia.\n<\/p>\n<\/div>\n<p><!-- families Claramunt --><br \/>\n<a name=\"Claramunt\"><\/a><\/p>\n<img loading=\"lazy\" decoding=\"async\" class=\" RWD_img alignleft size-full wp-image-4166 img-familia\" src=\"\/wp-content\/themes\/AnoiaTurisme\/library\/images\/Terra-de-Castells\/Ruta_2\/Ruta2-Los-Claramunt.png\" alt=\"Claramunt\" width=\"983\" height=\"191\" \/>\n<p class=\"text-personatge\">Entre finales del siglo X y principios del XI, los condes de Barcelona confiaron a los Claramunt la defensa de la Anoia ante las incursiones musulmanas. Desde el castillo de Claramunt y gracias a la posici\u00f3n avanzada de la Torre de Claramunt, estos se\u00f1ores cumplieron su funci\u00f3n y se enriquecieron, lo cual les dio un papel relevante en la corte de Barcelona y les vali\u00f3 el nombramiento de vizcondes de Tarragona. Este ascenso dentro de la nobleza se afianz\u00f3 cuando emparentaron con los Cardona y los Montcada. Los Claramunt segu\u00edan siendo la mano derecha del conde de Barcelona, pero empezaban a tener una pol\u00edtica y unos intereses propios. Durante los siglos XII y XIII, los Claramunt, hombres y mujeres audaces, se posicionaron siempre del lado de los condes. Bueno, casi siempre&#8230;<\/p>\n<p><!-- Personatge 1 --><\/p>\n<div class=\"div-personatge\">\n<div class=\"personatge\"><img loading=\"lazy\" decoding=\"async\" class=\"alignleft wp-image-4160 size-full\" src=\"\/wp-content\/themes\/AnoiaTurisme\/library\/images\/Terra-de-Castells\/Personatges_Ruta_2\/claramunt_saurina.jpg\" alt=\"\" width=\"223\" height=\"328\" \/><\/div>\n<div class=\"castells-personatge\">\n<h1>Saurina de Claramunt<\/h1>\n<p>Sin hermanos hombres, a finales del siglo XII Saurina de Claramunt hered\u00f3 el se\u00f1or\u00edo de Claramunt. Enviud\u00f3 joven y, en 1205, asumi\u00f3 su se\u00f1or\u00edo en solitario y vel\u00f3 por el futuro de su hijo Guillermo, menor de edad. El linaje de los Claramunt estaba en una situaci\u00f3n delicada, que ella, con gran astucia, supo defender de las amenazas exteriores. Una de esas amenazas era el conflicto con Bernat de Montbui, con quien compart\u00eda intereses y l\u00edmites se\u00f1oriales. \u00bfC\u00f3mo consigui\u00f3 Saurina obtener de \u00e9l una concesi\u00f3n de agua para los habitantes de Igualada?  <\/p>\n<p><a class=\"link-lila\" style=\"background: none; border: none; color: #000;\" href=\"#myPopupDialog\" data-rel=\"popup\" data-position-to=\"window\">Desenlace en Igualada<\/a><\/p>\n<\/div>\n<\/div>\n<p><!-- fi personatge 1--><br \/>\n<!-- Personatges --><\/p>\n<div class=\"div-personatge\">\n<div class=\"personatge\"><img loading=\"lazy\" decoding=\"async\" class=\"alignleft wp-image-4160 size-full\" src=\"\/wp-content\/themes\/AnoiaTurisme\/library\/images\/Terra-de-Castells\/Personatges_Ruta_2\/claramunt_guillem.jpg\" alt=\"\" width=\"223\" height=\"328\" \/><\/div>\n<div class=\"castells-personatge\">\n<h1>Guillem II de Claramunt<\/h1>\n<p>Inicialmente, Guillem II de Claramunt sigui\u00f3 la l\u00ednea pol\u00edtica de los Claramunt al respaldar los condes de Barcelona (tambi\u00e9n reyes de Arag\u00f3n desde mediados del siglo XII). No obstante, su relaci\u00f3n sufri\u00f3 un giro cuando Guillem particip\u00f3 (junto con su pariente Guillem II de Montcada y de Bearn y otros nobles) en una revuelta contra Jaime I y los Cardona. El rey, todav\u00eda adolescente, incluso fue encarcelado. Este acto contra el rey hubiera tenido que comportar una enemistad con los Claramunt, pero poco despu\u00e9s Jaime I se puso del lado de Guillem II de Claramunt y Guillem II de Montcada y de Bearn en su guerra contra los Cardona. \u00bfQu\u00e9 pas\u00f3 despu\u00e9s de que Jaime I fuera encarcelado? A partir de entonces, los Montcada y los Claramunt siguieron al rey a todas partes, incluso en la conquista de Mallorca&#8230; de la que ninguno de los dos Guillems regres\u00f3 vivo.  <\/p>\n<p><a class=\"link-lila\" style=\"background: none; border: none; color: #000;\" href=\"#myPopupDialog\" data-rel=\"popup\" data-position-to=\"window\">Desenlace en el castillo de Claramunt <\/a><\/p>\n<\/div>\n<\/div>\n<p><!-- Personatges --><\/p>\n<div class=\"div-personatge\">\n<div class=\"personatge\"><img loading=\"lazy\" decoding=\"async\" class=\"alignleft wp-image-4160 size-full\" src=\"\/wp-content\/themes\/AnoiaTurisme\/library\/images\/Terra-de-Castells\/Personatges_Ruta_2\/claramunt_berenguer.jpg\" alt=\"\" width=\"223\" height=\"328\" \/><\/div>\n<div class=\"castells-personatge\">\n<h1>Berenguer\u00a0de Claramunt<\/h1>\n<p>Cuando Berenguer se convirti\u00f3 en se\u00f1or de Claramunt, los d\u00edas de mayor gloria del casal ya hab\u00edan pasado. Los Cardona, cada vez m\u00e1s fuertes en la Anoia, se reconciliaron con la Corona. Los nuevos equilibrios debilitaron tanto a Berenguer, que vendi\u00f3 sus derechos sobre el castillo de Claramunt el a\u00f1o 1306. Expulsados del que hab\u00eda sido su casal durante m\u00e1s de tres siglos, los Claramunt se trasladaron a la Torre de Claramunt. En 1318 tambi\u00e9n tuvieron que vender sus derechos se\u00f1oriales sobre la Torre y se quedaron en ella como simples castellanos. \u00bfQu\u00e9 provoco esa ca\u00edda tan precipitada de los Claramunt?  <\/p>\n<p><a class=\"link-lila\" style=\"background: none; border: none; color: #000;\" href=\"#myPopupDialog\" data-rel=\"popup\" data-position-to=\"window\">Desenlace en la Torre de Claramunt<\/a><\/p>\n<\/div>\n<\/div>\n<p><!-- fi families --><\/p>\n<p><!-- families --><br \/>\n<a name=\"Cardona\"><\/a><\/p>\n<img loading=\"lazy\" decoding=\"async\" class=\" RWD_img alignleft size-full img-familia\" src=\"\/wp-content\/themes\/AnoiaTurisme\/library\/images\/Terra-de-Castells\/Ruta_2\/Ruta2-Los-Cardona.png\" alt=\"Cardona\" width=\"983\" height=\"191\" \/>\n<p class=\"text-personatge\">Los Cardona sustentaban su poder en los t\u00edtulos, pero tambi\u00e9n en la posesi\u00f3n de las minas de sal. La expansi\u00f3n de su poder hacia la Anoia era un hecho natural y, adem\u00e1s, all\u00ed ten\u00edan lazos familiares: desde el siglo XI estaban emparentados con los Claramunt y, a finales del siglo XII, emparentaron con la familia Jorba. De estos \u00faltimos heredaron los castillos de \u00d3dena y Castellol\u00ed. Durante el siglo XIII, los castellanos de \u00d3dena y Castellol\u00ed fueron los peones de los Cardona en la Anoia contra los intereses del rey, de los Claramunt y de la Iglesia. Los Cardona se quedaron al margen de las grandes conquistas de la \u00e9poca e incluso los acabaron derrotando en Cardona. Al se\u00f1or de \u00d3dena, su posicionamiento le vali\u00f3 una excomuni\u00f3n, la p\u00e9rdida de sus derechos sobre Igualada y sobre el castillo de \u00d3dena, y un final desastroso.<\/p>\n<p><!-- Personatge 1 --><\/p>\n<div class=\"div-personatge\">\n<div class=\"personatge\"><img loading=\"lazy\" decoding=\"async\" class=\"alignleft wp-image-4160 size-full\" src=\"\/wp-content\/themes\/AnoiaTurisme\/library\/images\/Terra-de-Castells\/Personatges_Ruta_2\/cardona_gueraua.jpg\" alt=\"\" width=\"223\" height=\"328\" \/><\/div>\n<div class=\"castells-personatge\">\n<h1>Gueraua de Jorba<\/h1>\n<p>Gueraua era la nieta de Guerau de Jorba, uno de los nobles m\u00e1s influyentes de la Catalu\u00f1a de mediados del siglo XII, con propiedades que se extend\u00edan por el tri\u00e1ngulo de las actuales comarcas de la Anoia, el Segri\u00e0 y la Conca de Barber\u00e0. De los dominios del abuelo hab\u00eda heredado los castillos de \u00d3dena y de Castellol\u00ed, as\u00ed como, probablemente, su vocaci\u00f3n expansiva. Su matrimonio con Guillem I de Cardona le dio la posibilidad de ejercer un poder real, que ten\u00eda que culminar con el mandato de su hijo Ramon Folc IV de Cardona. \u00bfLo conseguir\u00eda?  <\/p>\n<p><a class=\"link-lila\" style=\"background: none; border: none; color: #000;\" href=\"#myPopupDialog\" data-rel=\"popup\" data-position-to=\"window\">Desenlace en el castillo de Castellol\u00ed<\/a><\/p>\n<\/div>\n<\/div>\n<p><!-- fi personatge 1--><br \/>\n<!-- Personatge 1 --><\/p>\n<div class=\"div-personatge\">\n<div class=\"personatge\"><img loading=\"lazy\" decoding=\"async\" class=\"alignleft wp-image-4160 size-full\" src=\"\/wp-content\/themes\/AnoiaTurisme\/library\/images\/Terra-de-Castells\/Personatges_Ruta_2\/cardona_ramonGuillem.jpg\" alt=\"\" width=\"223\" height=\"328\" \/><\/div>\n<div class=\"castells-personatge\">\n<h1>Ramon Guillem II d\u2019\u00d2dena<\/h1>\n<p>Se\u00f1or de \u00d3dena durante buena parte del siglo XIII, sufri\u00f3 las consecuencias de posicionarse del lado de los Cardona. No particip\u00f3 en las grandes conquistas de la \u00e9poca, tuvo que renunciar a sus derechos se\u00f1oriales sobre Igualada, fue excomulgado y, finalmente, juzgado por la justicia real. Durante ese juicio, se le revel\u00f3 de forma contundente la implacabilidad de Jaime I. <\/p>\n<p><a class=\"link-lila\" style=\"background: none; border: none; color: #000;\" href=\"#myPopupDialog\" data-rel=\"popup\" data-position-to=\"window\"> Desenlace en el castillo de \u00d3dena<\/a><\/p>\n<\/div>\n<\/div>\n<p><!-- fi personatge 1--><br \/>\n<!-- Personatge 1 --><\/p>\n<div class=\"div-personatge\">\n<div class=\"personatge\"><img loading=\"lazy\" decoding=\"async\" class=\"alignleft wp-image-4160 size-full\" src=\"\/wp-content\/themes\/AnoiaTurisme\/library\/images\/Terra-de-Castells\/Personatges_Ruta_2\/cardona_guillem.jpg\" alt=\"\" width=\"223\" height=\"328\" \/><\/div>\n<div class=\"castells-personatge\">\n<h1>Guillem de Castellol\u00ed<\/h1>\n<p>Se\u00f1or de Castellol\u00ed durante la segunda mitad del siglo XIII, Guillem vivi\u00f3 el cambio hacia los Cardona en la pol\u00edtica del rey. Junto con el vizconde Ramon Folc V de Cardona, se neg\u00f3 a acompa\u00f1ar a Jaime I a luchar en Granada a favor de su yerno, Alfonso X de Castilla. Las represalias fueron contundentes: Guillem perdi\u00f3 su castillo; Ramon Folc, la vida. Con la muerte de Jaime I y el ascenso de su hijo Pedro el Grande, todo regres\u00f3 a su sitio. Guillem recuper\u00f3 el castillo y se convirti\u00f3 en el hombre de confianza de Ramon Folc VI de Cardona.  <\/p>\n<p><a class=\"link-lila\" style=\"background: none; border: none; color: #000;\" href=\"#myPopupDialog\" data-rel=\"popup\" data-position-to=\"window\">Desenlace en el castillo de Castellol\u00ed<\/a><\/p>\n<\/div>\n<\/div>\n<p><!-- fi personatge 1--><\/p>\n<p><!-- fi families --><\/p>\n<p><!-- families --><br \/>\n<a name=\"Rei\"><\/a><\/p>\n<img loading=\"lazy\" decoding=\"async\" class=\" RWD_img alignleft size-full img-familia\" src=\"\/wp-content\/themes\/AnoiaTurisme\/library\/images\/Terra-de-Castells\/Ruta_2\/Ruta2-El-rei-es.png\" alt=\"El rei\" width=\"983\" height=\"191\" \/>\n<p class=\"text-personatge\">A principios del siglo XIII, Jaime I reun\u00eda todos los t\u00edtulos de conde del principado, excepto el de Urgel. Adem\u00e1s, era rey de Arag\u00f3n, por lo que pr\u00e1cticamente el \u00fanico contrapoder que ten\u00eda era el de los vizcondes. En la Anoia del siglo XIII, los m\u00e1ximos competidores de Jaime I eran los vizcondes de Cardona, con sus vasallos de \u00d3dena y Castellol\u00ed. Jaime ten\u00eda que utilizar todos los recursos posibles para frenarlos, pero ya no pod\u00eda confiar completamente en los Claramunt, sus tradicionales aliados. Una de las opciones que le quedaban pasaba por debilitar a todos los se\u00f1ores feudales por igual y a los castillos como origen de su poder. De esta situaci\u00f3n se vieron favorecidas las ciudades emergentes de Piera e Igualada, en las que el rey ir\u00eda ganando poder como apuesta de futuro.<\/p>\n<p><!-- Personatge 1 --><\/p>\n<div class=\"div-personatge\">\n<div class=\"personatge\"><img loading=\"lazy\" decoding=\"async\" class=\"alignleft wp-image-4160 size-full\" src=\"\/wp-content\/themes\/AnoiaTurisme\/library\/images\/Terra-de-Castells\/Personatges_Ruta_2\/rei_jaumeI.jpg\" alt=\"\" width=\"223\" height=\"328\" \/><\/div>\n<div class=\"castells-personatge\">\n<h1>Jaime I el Conquistador<\/h1>\n<p>En 1226, Jaime I era un joven de 18 a\u00f1os con serios problemas y dificultades para controlar la nobleza catalana y aragonesa. Ese a\u00f1o, estall\u00f3 un enfrentamiento entre los Cardona (que hasta entonces hab\u00edan respaldado al rey) y los Montcada (que hac\u00eda poco que se le hab\u00edan revelado y lo hab\u00edan encarcelado). Aunque su posicionamiento l\u00f3gico hubiera sido respaldar a los fieles y poderosos Cardona, el rey se puso del lado de Guillem II de Bearn y Montcada. \u00bfC\u00f3mo se forj\u00f3 esa alianza?  <\/p>\n<p><a class=\"link-lila\" style=\"background: none; border: none; color: #000;\" href=\"#myPopupDialog\" data-rel=\"popup\" data-position-to=\"window\">Desenlace en el castillo de Claramunt<\/a><\/p>\n<p>Guillem II de Montcada y Bearn y su pariente Guillem II de Claramunt jugaron a partir de entonces un papel destacado al lado del rey, y lo acompa\u00f1aron a la conquista de Mallorca. A pesar de la victoria en la isla, los dos perdieron la vida. As\u00ed pues, Jaime I no solo afianz\u00f3 su liderazgo gracias a la conquista, sino que tambi\u00e9n fren\u00f3 el poder de los Cardona, de los Montcada y de los Claramunt. A partir de entonces, su reinado ten\u00eda que ser coser y cantar, principalmente en la Anoia. \u00bfFue as\u00ed?  <\/p>\n<p><a class=\"link-lila\" style=\"background: none; border: none; color: #000;\" href=\"#myPopupDialog\" data-rel=\"popup\" data-position-to=\"window\">Desenlace en el castillo de Piera<\/a><\/p>\n<\/div>\n<\/div>\n<p><!-- fi personatge 1--><\/p>\n<p><!-- Personatge 1 --><\/p>\n<div class=\"div-personatge\">\n<div class=\"personatge\"><img loading=\"lazy\" decoding=\"async\" class=\"alignleft wp-image-4160 size-full\" src=\"\/wp-content\/themes\/AnoiaTurisme\/library\/images\/Terra-de-Castells\/Personatges_Ruta_2\/rei_guillemSescorts.jpg\" alt=\"\" width=\"223\" height=\"328\" \/><\/div>\n<div class=\"castells-personatge\">\n<h1>Guillem Sescorts<\/h1>\n<p>Guillem Sescorts acompa\u00f1\u00f3 a Jaime I en la conquista del Reino de Valencia, junto con su familia. No era una familia cualquiera; eran comendadores de la orden de San Jorge de Alfama, una orden de religiosos-guerreros al servicio de la monarqu\u00eda. En agradecimiento a los servicios prestados, en 1265 Guillem Sescorts fue nombrado castellano del castillo de Piera, a cambio del compromiso de acoger siempre a los condes-reyes. <\/p>\n<p><a class=\"link-lila\" style=\"background: none; border: none; color: #000;\" href=\"#myPopupDialog\" data-rel=\"popup\" data-position-to=\"window\">Desenlace en el castillo de Piera<\/a><\/p>\n<\/div>\n<\/div>\n<p><!-- fi personatge 1--><\/p>\n<p><!-- Personatge 1 --><\/p>\n<div class=\"div-personatge\">\n<div class=\"personatge\"><img loading=\"lazy\" decoding=\"async\" class=\"alignleft wp-image-4160 size-full\" src=\"\/wp-content\/themes\/AnoiaTurisme\/library\/images\/Terra-de-Castells\/Personatges_Ruta_2\/rei_asbert.jpg\" alt=\"\" width=\"223\" height=\"328\" \/><\/div>\n<div class=\"castells-personatge\">\n<h1>Asbert de Mediona<\/h1>\n<p>Procedente del Pened\u00e9s, Asbert de Mediona fue un fiel reflejo de su tiempo. Lleg\u00f3 a la Anoia gracias a la permuta que hizo en 1273 con Jaime I, en la que cedi\u00f3 el castillo de Altea al monarca a cambio de recibir el de Cabrera. A pesar de ello, su papel no se limit\u00f3 a la gesti\u00f3n de sus posesiones: en la defensa de Gerona ante la invasi\u00f3n francesa y en el ataque sobre Mallorca se posicion\u00f3 al lado de Pere el Gran, haciendo de embajador en Francia. El rey lo recompens\u00f3 con la baron\u00eda de Pierola. Ya durante el reinado de Jaime II, estuvo presente en una embajada de Marruecos y en la expedici\u00f3n contra Almer\u00eda. \u00bfQu\u00e9 papel jugaban las posesiones en la Anoia de ese personaje tan entregado a la pol\u00edtica exterior?  <\/p>\n<p><a class=\"link-lila\" style=\"background: none; border: none; color: #000;\" href=\"#myPopupDialog\" data-rel=\"popup\" data-position-to=\"window\">Desenlace en el castillo de Cabrera<\/a><\/p>\n<\/div>\n<\/div>\n<p><!-- fi personatge 1--><\/p>\n<p><!-- fi families --><\/p>\n<p><!-- families --><br \/>\n<a name=\"Esglesia\"><\/a><\/p>\n<img loading=\"lazy\" decoding=\"async\" class=\" RWD_img alignleft size-full img-familia\" src=\"\/wp-content\/themes\/AnoiaTurisme\/library\/images\/Terra-de-Castells\/Ruta_2\/Ruta2-La-Iglesia.png\" alt=\"Iglesia\" width=\"983\" height=\"191\" \/>\n<p class=\"text-personatge\">Desde el primer momento de conquista, los obispados tomaron parte activa en la toma, fortificaci\u00f3n y control de los nuevos territorios. En los siglos posteriores, los monasterios tambi\u00e9n fueron reuniendo territorios sobre los que actuaban como verdaderos se\u00f1ores feudales, gracias a las donaciones que recib\u00edan. En la Anoia encontramos dos buenos ejemplos de este poder eclesi\u00e1stico: el monasterio de Sant Cugat del Vall\u00e9s (que pose\u00eda Igualada y el castillo de la Ventosa) y la can\u00f3nica de Santa Maria de Solsona (que pose\u00eda el castillo de Freixe). Su poder e influencia sobre los nobles y sobre la misma Corona les convirti\u00f3 en una pieza clave para establecer los equilibrios en el territorio.<\/p>\n<p><!-- Personatge 1 --><\/p>\n<div class=\"div-personatge\">\n<div class=\"personatge\"><img loading=\"lazy\" decoding=\"async\" class=\"alignleft wp-image-4160 size-full\" src=\"\/wp-content\/themes\/AnoiaTurisme\/library\/images\/Terra-de-Castells\/Personatges_Ruta_2\/esglesia_berenguer.jpg\" alt=\"\" width=\"223\" height=\"328\" \/><\/div>\n<div class=\"castells-personatge\">\n<h1>Berenguer de Santa Oliva<\/h1>\n<p>Abad del monasterio de Sant Cugat del Vall\u00e9s (1205-1211), Berenguer de Santa Oliva resolvi\u00f3 el pleito que interpuso Bernat de Montbui con relaci\u00f3n al uso que los habitantes de Igualada hac\u00edan del agua del r\u00edo Anoia, especialmente para el funcionamiento de los molinos. En esta negociaci\u00f3n tuvo un papel fundamental Saurina de Claramunt. \u00bfQu\u00e9 cartas se jugaron en esta partida a tres bandos? <\/p>\n<p><a class=\"link-lila\" style=\"background: none; border: none; color: #000;\" href=\"#myPopupDialog\" data-rel=\"popup\" data-position-to=\"window\">Desenlace en Igualada<\/a><\/p>\n<\/div>\n<\/div>\n<p><!-- fi personatge 1--><br \/>\n<!-- Personatge 1 --><\/p>\n<div class=\"div-personatge\">\n<div class=\"personatge\"><img loading=\"lazy\" decoding=\"async\" class=\"alignleft wp-image-4160 size-full\" src=\"\/wp-content\/themes\/AnoiaTurisme\/library\/images\/Terra-de-Castells\/Personatges_Ruta_2\/esglesia_pereArenys.jpg\" alt=\"\" width=\"223\" height=\"328\" \/><\/div>\n<div class=\"castells-personatge\">\n<h1>Pere de Amenys<\/h1>\n<p>Abad del monasterio de Sant Cugat del Vall\u00e9s (1232-1255), Pere de Amenys se relacion\u00f3 a menudo con Jaime I, que favoreci\u00f3 al monasterio como contrapeso del poder del obispado de Barcelona. El monasterio recibi\u00f3 numerosos privilegios del rey, especialmente reducciones de impuestos. Como contrapartida, en 1240 Sant Cugat cedi\u00f3 al rey la mitad de sus derechos sobre Igualada. El rey consegu\u00eda as\u00ed hacerse con las riendas procedentes de la din\u00e1mica villa, pero \u00bfqu\u00e9 ganaba Sant Cugat?  <\/p>\n<p><a class=\"link-lila\" style=\"background: none; border: none; color: #000;\" href=\"#myPopupDialog\" data-rel=\"popup\" data-position-to=\"window\">Desenlace en el castillo de la Ventosa<\/a><\/p>\n<\/div>\n<\/div>\n<p><!-- fi personatge 1--><br \/>\n<!-- Personatge 1 --><\/p>\n<div class=\"div-personatge\">\n<div class=\"personatge\"><img loading=\"lazy\" decoding=\"async\" class=\"alignleft wp-image-4160 size-full\" src=\"\/wp-content\/themes\/AnoiaTurisme\/library\/images\/Terra-de-Castells\/Personatges_Ruta_2\/esglesia_guillem.jpg\" alt=\"\" width=\"223\" height=\"328\" \/><\/div>\n<div class=\"castells-personatge\">\n<h1>Guillem de Freixe<\/h1>\n<p>Guillem de Freixe era el castellano del castillo de Freixe, propiedad de la can\u00f3nica de Santa Maria de Solsona. Igual que hab\u00eda hecho su padre Ramon, se negaba a reconocer su sumisi\u00f3n y ejerc\u00eda como se\u00f1or a todos los efectos. \u00bfC\u00f3mo consigui\u00f3 sostener esta situaci\u00f3n durante casi un siglo?  <\/p>\n<p><a class=\"link-lila\" style=\"background: none; border: none; color: #000;\" href=\"#myPopupDialog\" data-rel=\"popup\" data-position-to=\"window\">Desenlace en el castillo de Freixe<\/a><\/p>\n<\/div>\n<\/div>\n<p><!-- fi personatge 1--><br \/>\n<!-- fi families --><\/p>\n","protected":false},"excerpt":{"rendered":"<p>El siglo XIII fue determinante para los castillos de la Anoia y sus habitantes: pas\u00f3 de ser una tierra de frontera a ser la cuna de los conquistadores y los colonizadores de los reinos sometidos por Jaime I. La baja nobleza de la Anoia era castellana (guardiana) de los castillos, pero no era propietaria. La&#8230;  <a class=\"excerpt-read-more\" href=\"https:\/\/anoiaturisme.cat\/es\/tierra-de-castillos\/ruta-2-a-la-sombra-del-rey-jaime-l\/\" title=\"ReadRuta 2: A la sombra del rey Jaime I\">Read more &raquo;<\/a><\/p>\n","protected":false},"author":1,"featured_media":0,"parent":4600,"menu_order":46,"comment_status":"closed","ping_status":"closed","template":"page-terra-de-castells.php","meta":{"_acf_changed":false,"footnotes":""},"class_list":["post-4731","page","type-page","status-publish","hentry"],"acf":[],"yoast_head":"<!-- This site is optimized with the Yoast SEO plugin v26.8 - https:\/\/yoast.com\/product\/yoast-seo-wordpress\/ -->\n<title>Ruta 2: A la sombra del rey Jaime I &#183; Anoia Turisme<\/title>\n<meta name=\"robots\" content=\"index, follow, max-snippet:-1, max-image-preview:large, max-video-preview:-1\" \/>\n<link rel=\"canonical\" href=\"https:\/\/anoiaturisme.cat\/es\/tierra-de-castillos\/ruta-2-a-la-sombra-del-rey-jaime-l\/\" \/>\n<meta property=\"og:locale\" content=\"es_ES\" \/>\n<meta property=\"og:type\" content=\"article\" \/>\n<meta property=\"og:title\" content=\"Ruta 2: A la sombra del rey Jaime I &#183; Anoia Turisme\" \/>\n<meta property=\"og:description\" content=\"El siglo XIII fue determinante para los castillos de la Anoia y sus habitantes: pas\u00f3 de ser una tierra de frontera a ser la cuna de los conquistadores y los colonizadores de los reinos sometidos por Jaime I. La baja nobleza de la Anoia era castellana (guardiana) de los castillos, pero no era propietaria. La... Read more &raquo;\" \/>\n<meta property=\"og:url\" content=\"https:\/\/anoiaturisme.cat\/es\/tierra-de-castillos\/ruta-2-a-la-sombra-del-rey-jaime-l\/\" \/>\n<meta property=\"og:site_name\" content=\"Anoia Turisme\" \/>\n<meta property=\"article:publisher\" content=\"https:\/\/www.facebook.com\/anoiaturisme\/\" \/>\n<meta property=\"article:modified_time\" content=\"2016-04-26T09:57:21+00:00\" \/>\n<meta name=\"twitter:card\" content=\"summary_large_image\" \/>\n<meta name=\"twitter:site\" content=\"@anoia_turisme\" \/>\n<meta name=\"twitter:label1\" content=\"Tiempo de lectura\" \/>\n\t<meta name=\"twitter:data1\" content=\"11 minutos\" \/>\n<script type=\"application\/ld+json\" class=\"yoast-schema-graph\">{\"@context\":\"https:\/\/schema.org\",\"@graph\":[{\"@type\":\"WebPage\",\"@id\":\"https:\/\/anoiaturisme.cat\/es\/tierra-de-castillos\/ruta-2-a-la-sombra-del-rey-jaime-l\/\",\"url\":\"https:\/\/anoiaturisme.cat\/es\/tierra-de-castillos\/ruta-2-a-la-sombra-del-rey-jaime-l\/\",\"name\":\"Ruta 2: A la sombra del rey Jaime I &#183; Anoia Turisme\",\"isPartOf\":{\"@id\":\"https:\/\/anoiaturisme.cat\/#website\"},\"datePublished\":\"2016-03-01T15:29:21+00:00\",\"dateModified\":\"2016-04-26T09:57:21+00:00\",\"breadcrumb\":{\"@id\":\"https:\/\/anoiaturisme.cat\/es\/tierra-de-castillos\/ruta-2-a-la-sombra-del-rey-jaime-l\/#breadcrumb\"},\"inLanguage\":\"es\",\"potentialAction\":[{\"@type\":\"ReadAction\",\"target\":[\"https:\/\/anoiaturisme.cat\/es\/tierra-de-castillos\/ruta-2-a-la-sombra-del-rey-jaime-l\/\"]}]},{\"@type\":\"BreadcrumbList\",\"@id\":\"https:\/\/anoiaturisme.cat\/es\/tierra-de-castillos\/ruta-2-a-la-sombra-del-rey-jaime-l\/#breadcrumb\",\"itemListElement\":[{\"@type\":\"ListItem\",\"position\":1,\"name\":\"Inici\",\"item\":\"https:\/\/anoiaturisme.cat\/es\/\"},{\"@type\":\"ListItem\",\"position\":2,\"name\":\"Tierra de Castillos\",\"item\":\"https:\/\/anoiaturisme.cat\/es\/tierra-de-castillos\/\"},{\"@type\":\"ListItem\",\"position\":3,\"name\":\"Ruta 2: A la sombra del rey Jaime I\"}]},{\"@type\":\"WebSite\",\"@id\":\"https:\/\/anoiaturisme.cat\/#website\",\"url\":\"https:\/\/anoiaturisme.cat\/\",\"name\":\"Anoia Turisme\",\"description\":\"Vine a con\u00e8xier l&#039;Anoia!\",\"potentialAction\":[{\"@type\":\"SearchAction\",\"target\":{\"@type\":\"EntryPoint\",\"urlTemplate\":\"https:\/\/anoiaturisme.cat\/?s={search_term_string}\"},\"query-input\":{\"@type\":\"PropertyValueSpecification\",\"valueRequired\":true,\"valueName\":\"search_term_string\"}}],\"inLanguage\":\"es\"}]}<\/script>\n<!-- \/ Yoast SEO plugin. -->","yoast_head_json":{"title":"Ruta 2: A la sombra del rey Jaime I &#183; Anoia Turisme","robots":{"index":"index","follow":"follow","max-snippet":"max-snippet:-1","max-image-preview":"max-image-preview:large","max-video-preview":"max-video-preview:-1"},"canonical":"https:\/\/anoiaturisme.cat\/es\/tierra-de-castillos\/ruta-2-a-la-sombra-del-rey-jaime-l\/","og_locale":"es_ES","og_type":"article","og_title":"Ruta 2: A la sombra del rey Jaime I &#183; Anoia Turisme","og_description":"El siglo XIII fue determinante para los castillos de la Anoia y sus habitantes: pas\u00f3 de ser una tierra de frontera a ser la cuna de los conquistadores y los colonizadores de los reinos sometidos por Jaime I. La baja nobleza de la Anoia era castellana (guardiana) de los castillos, pero no era propietaria. La... Read more &raquo;","og_url":"https:\/\/anoiaturisme.cat\/es\/tierra-de-castillos\/ruta-2-a-la-sombra-del-rey-jaime-l\/","og_site_name":"Anoia Turisme","article_publisher":"https:\/\/www.facebook.com\/anoiaturisme\/","article_modified_time":"2016-04-26T09:57:21+00:00","twitter_card":"summary_large_image","twitter_site":"@anoia_turisme","twitter_misc":{"Tiempo de lectura":"11 minutos"},"schema":{"@context":"https:\/\/schema.org","@graph":[{"@type":"WebPage","@id":"https:\/\/anoiaturisme.cat\/es\/tierra-de-castillos\/ruta-2-a-la-sombra-del-rey-jaime-l\/","url":"https:\/\/anoiaturisme.cat\/es\/tierra-de-castillos\/ruta-2-a-la-sombra-del-rey-jaime-l\/","name":"Ruta 2: A la sombra del rey Jaime I &#183; Anoia Turisme","isPartOf":{"@id":"https:\/\/anoiaturisme.cat\/#website"},"datePublished":"2016-03-01T15:29:21+00:00","dateModified":"2016-04-26T09:57:21+00:00","breadcrumb":{"@id":"https:\/\/anoiaturisme.cat\/es\/tierra-de-castillos\/ruta-2-a-la-sombra-del-rey-jaime-l\/#breadcrumb"},"inLanguage":"es","potentialAction":[{"@type":"ReadAction","target":["https:\/\/anoiaturisme.cat\/es\/tierra-de-castillos\/ruta-2-a-la-sombra-del-rey-jaime-l\/"]}]},{"@type":"BreadcrumbList","@id":"https:\/\/anoiaturisme.cat\/es\/tierra-de-castillos\/ruta-2-a-la-sombra-del-rey-jaime-l\/#breadcrumb","itemListElement":[{"@type":"ListItem","position":1,"name":"Inici","item":"https:\/\/anoiaturisme.cat\/es\/"},{"@type":"ListItem","position":2,"name":"Tierra de Castillos","item":"https:\/\/anoiaturisme.cat\/es\/tierra-de-castillos\/"},{"@type":"ListItem","position":3,"name":"Ruta 2: A la sombra del rey Jaime I"}]},{"@type":"WebSite","@id":"https:\/\/anoiaturisme.cat\/#website","url":"https:\/\/anoiaturisme.cat\/","name":"Anoia Turisme","description":"Vine a con\u00e8xier l&#039;Anoia!","potentialAction":[{"@type":"SearchAction","target":{"@type":"EntryPoint","urlTemplate":"https:\/\/anoiaturisme.cat\/?s={search_term_string}"},"query-input":{"@type":"PropertyValueSpecification","valueRequired":true,"valueName":"search_term_string"}}],"inLanguage":"es"}]}},"_links":{"self":[{"href":"https:\/\/anoiaturisme.cat\/es\/wp-json\/wp\/v2\/pages\/4731","targetHints":{"allow":["GET"]}}],"collection":[{"href":"https:\/\/anoiaturisme.cat\/es\/wp-json\/wp\/v2\/pages"}],"about":[{"href":"https:\/\/anoiaturisme.cat\/es\/wp-json\/wp\/v2\/types\/page"}],"author":[{"embeddable":true,"href":"https:\/\/anoiaturisme.cat\/es\/wp-json\/wp\/v2\/users\/1"}],"replies":[{"embeddable":true,"href":"https:\/\/anoiaturisme.cat\/es\/wp-json\/wp\/v2\/comments?post=4731"}],"version-history":[{"count":0,"href":"https:\/\/anoiaturisme.cat\/es\/wp-json\/wp\/v2\/pages\/4731\/revisions"}],"up":[{"embeddable":true,"href":"https:\/\/anoiaturisme.cat\/es\/wp-json\/wp\/v2\/pages\/4600"}],"wp:attachment":[{"href":"https:\/\/anoiaturisme.cat\/es\/wp-json\/wp\/v2\/media?parent=4731"}],"curies":[{"name":"wp","href":"https:\/\/api.w.org\/{rel}","templated":true}]}}