{"id":4751,"date":"2015-11-24T11:28:34","date_gmt":"2015-11-24T11:28:34","guid":{"rendered":"http:\/\/anoiaturisme.cat\/es\/?page_id=4751"},"modified":"2016-04-20T09:22:08","modified_gmt":"2016-04-20T09:22:08","slug":"ruta1_segur_qr","status":"publish","type":"page","link":"https:\/\/anoiaturisme.cat\/es\/ruta1_segur_qr\/","title":{"rendered":"Ruta1_Segur_QR"},"content":{"rendered":"<!--[if lt IE 9]><script>document.createElement('audio');<\/script><![endif]-->\n<audio class=\"wp-audio-shortcode\" id=\"audio-4751-1\" preload=\"none\" style=\"width: 100%;\" controls=\"controls\"><source type=\"audio\/mpeg\" src=\"http:\/\/anoiaturisme.cat\/wp-content\/uploads\/track_segur_esp.mp3?_=1\" \/><a href=\"http:\/\/anoiaturisme.cat\/wp-content\/uploads\/track_segur_esp.mp3\">http:\/\/anoiaturisme.cat\/wp-content\/uploads\/track_segur_esp.mp3<\/a><\/audio>\n<div style=\"background-color: #c8b279; color: white; padding: 12px;\">\n<h1 style=\"font-size: 150%;\">Bernat Amat<br \/>\nde Claramunt<\/h1>\n<\/div>\n<p>[accordion]<br \/>\n[toggle title=\u00bbAPARIENCIA\u00bb]<\/p>\n<img loading=\"lazy\" decoding=\"async\" class=\"alignleft size-full wp-image-4160 RWD_img\" src=\"\/wp-content\/themes\/AnoiaTurisme\/library\/images\/Terra-de-Castells\/Ruta1\/bernatamat.jpg\" alt=\"Apariencia\" width=\"223\" height=\"328\" \/>\n<p>[\/toggle]<\/p>\n<p>[toggle title=\u00bbBIOGRAFI\u0301A\u00bb]<\/p>\n<h2>Bernat Amat de Claramunt<\/h2>\n<p>Antes de nacer, Bernat Amat de Claramunt ya ten\u00eda el mundo a sus pies, pero era un mundo cambiante. Su familia, los Claramunt, ten\u00eda el favor de los condes de Barcelona, de los que hab\u00eda recibido el t\u00edtulo de vizcondes de Tarragona. Con Tarragona a\u00fan por conquistar, un malabarismo sucesorio les brind\u00f3 el rico vizcondado de Cardona. Bernat Amat llevaba puesto el sombrero de Cardona, pero su cabeza acumulaba el bagaje de los Claramunt.  <\/p>\n<p>[\/toggle]<br \/>\n[toggle title=\u00bbESCUDO\u00bb]<br \/>\n<img loading=\"lazy\" decoding=\"async\" class=\"alignleft size-full wp-image-4160 RWD_img\" src=\"http:\/\/anoiaturisme.cat\/wp-content\/themes\/AnoiaTurisme\/library\/images\/Terra-de-Castells\/Ruta1\/cardona.jpg\" alt=\"Escudo\" width=\"223\" height=\"328\" \/><br \/>\n[\/toggle]<br \/>\n[toggle title=\u00bbLINAJE\u00bb]<\/p>\n<h1>El vizcondado de Cardona. Los se\u00f1ores de la sal<\/h1>\n<p>El avance del condado de Osona hacia el sur, en \u00e9poca de Wifredo el Velloso, lleg\u00f3 hasta las actuales comarcas del Bages y de la Anoia. Los condes nombraron vizcondes de Osona a unos delegados suyos. A finales del siglo X, el vizconde Ermemir II se instal\u00f3 en Cardona, y su sobrino y sucesor, Eribau, se hizo nombrar vizconde de Cardona, no en balde, ya que era un lugar seguro y controlaba unas minas de sal riqu\u00edsimas. Los Cardona acumularon un gran patrimonio, pero su poder iba m\u00e1s all\u00e1 de sus territorios: algunos miembros de la familia fueron nombrados obispos de Vic, de Urgell y de Barcelona. Solo hab\u00eda un peligro que les quitara el sue\u00f1o: no poder perpetuar su linaje. Y ese siglo XI les deparaba un trance importante&#8230;<\/p>\n<p>[\/toggle]<br \/>\n[toggle title=\u00bbRUTA\u00bb]<br \/>\n<img loading=\"lazy\" decoding=\"async\" class=\"alignleft size-full wp-image-4160 RWD_img\" src=\"http:\/\/anoiaturisme.cat\/wp-content\/themes\/AnoiaTurisme\/library\/images\/Terra-de-Castells\/Ruta1\/portada-RUTA1-CASTELLA.jpg\" alt=\"Ruta\" width=\"223\" height=\"328\" \/><br \/>\n[\/toggle]<br \/>\n[toggle title=\u00bbINTRODUCCIO\u0301N\u00bb]<\/p>\n<h1>La herencia de Wifredo el Velloso<br \/>\n(siglos XI-XII)<\/h1>\n<p>En la \u00e9poca de Wifredo el Velloso, toda la comarca de la Anoia qued\u00f3 incorporada a sus condados. No obstante, 100 a\u00f1os despu\u00e9s todav\u00eda no era un territorio seguro. La d\u00e9bil frontera que separaba a los cristianos de los sarracenos a menudo era traspasada por las espadas. Y, los primeros en sufrirlo, los m\u00e1s vulnerables, eran siempre los colones.<\/p>\n<p>A lo largo de la primera mitad del siglo XI, los herederos de Wifredo lucharon por conservar este territorio promoviendo repoblamientos, levantando fortificaciones y, cuando ten\u00edan la ocasi\u00f3n, saliendo al ataque. Pero todo cambi\u00f3 a mediados del siglo XI. El aumento del poder de los condes y la divisi\u00f3n del califato de C\u00f3rdoba en taifas no propici\u00f3 un avance de la frontera, sino un estancamiento, ya que los condes prefer\u00edan cobrar tasas a las taifas andalus\u00edes y expandirse hacia Occitania. En el siglo XII, los condados catalanes ya eran maduros y fuertes, y optaron por derrumbar la frontera que se hab\u00edan autoimpuesto en el sur.<\/p>\n<p>Durante aquellos 150 a\u00f1os, se movieron por la comarca de la Anoia grandes personajes: nobles, obispos, guerreros y diplom\u00e1ticos. Todos ellos dejaron huella y todos protagonizaron luchas memorables.<\/p>\n<p>[\/toggle]<br \/>\n[\/accordion]<\/p>\n","protected":false},"excerpt":{"rendered":"<p>Bernat Amat de Claramunt [accordion] [toggle title=\u00bbAPARIENCIA\u00bb] [\/toggle] [toggle title=\u00bbBIOGRAFI\u0301A\u00bb] Bernat Amat de Claramunt Antes de nacer, Bernat Amat de Claramunt ya ten\u00eda el mundo a sus pies, pero era un mundo cambiante. Su familia, los Claramunt, ten\u00eda el favor de los condes de Barcelona, de los que hab\u00eda recibido el t\u00edtulo de vizcondes de&#8230;  <a class=\"excerpt-read-more\" href=\"https:\/\/anoiaturisme.cat\/es\/ruta1_segur_qr\/\" title=\"ReadRuta1_Segur_QR\">Read more &raquo;<\/a><\/p>\n","protected":false},"author":1,"featured_media":0,"parent":0,"menu_order":124,"comment_status":"closed","ping_status":"closed","template":"page-castells-ruta1.php","meta":{"_acf_changed":false,"footnotes":""},"class_list":["post-4751","page","type-page","status-publish","hentry"],"acf":[],"yoast_head":"<!-- This site is optimized with the Yoast SEO plugin v26.8 - https:\/\/yoast.com\/product\/yoast-seo-wordpress\/ -->\n<title>Ruta1_Segur_QR &#183; Anoia Turisme<\/title>\n<meta name=\"robots\" content=\"index, follow, max-snippet:-1, max-image-preview:large, max-video-preview:-1\" \/>\n<link rel=\"canonical\" href=\"https:\/\/anoiaturisme.cat\/es\/ruta1_segur_qr\/\" \/>\n<meta property=\"og:locale\" content=\"es_ES\" \/>\n<meta property=\"og:type\" content=\"article\" \/>\n<meta property=\"og:title\" content=\"Ruta1_Segur_QR &#183; Anoia Turisme\" \/>\n<meta property=\"og:description\" content=\"Bernat Amat de Claramunt [accordion] [toggle title=\u00bbAPARIENCIA\u00bb] [\/toggle] [toggle title=\u00bbBIOGRAFI\u0301A\u00bb] Bernat Amat de Claramunt Antes de nacer, Bernat Amat de Claramunt ya ten\u00eda el mundo a sus pies, pero era un mundo cambiante. Su familia, los Claramunt, ten\u00eda el favor de los condes de Barcelona, de los que hab\u00eda recibido el t\u00edtulo de vizcondes de... Read more &raquo;\" \/>\n<meta property=\"og:url\" content=\"https:\/\/anoiaturisme.cat\/es\/ruta1_segur_qr\/\" \/>\n<meta property=\"og:site_name\" content=\"Anoia Turisme\" \/>\n<meta property=\"article:publisher\" content=\"https:\/\/www.facebook.com\/anoiaturisme\/\" \/>\n<meta property=\"article:modified_time\" content=\"2016-04-20T09:22:08+00:00\" \/>\n<meta property=\"og:image\" content=\"http:\/\/anoiaturisme.cat\/wp-content\/themes\/AnoiaTurisme\/library\/images\/Terra-de-Castells\/Ruta1\/cardona.jpg\" \/>\n<meta name=\"twitter:card\" content=\"summary_large_image\" \/>\n<meta name=\"twitter:site\" content=\"@anoia_turisme\" \/>\n<meta name=\"twitter:label1\" content=\"Tiempo de lectura\" \/>\n\t<meta name=\"twitter:data1\" content=\"2 minutos\" \/>\n<script type=\"application\/ld+json\" class=\"yoast-schema-graph\">{\"@context\":\"https:\/\/schema.org\",\"@graph\":[{\"@type\":\"WebPage\",\"@id\":\"https:\/\/anoiaturisme.cat\/es\/ruta1_segur_qr\/\",\"url\":\"https:\/\/anoiaturisme.cat\/es\/ruta1_segur_qr\/\",\"name\":\"Ruta1_Segur_QR &#183; Anoia Turisme\",\"isPartOf\":{\"@id\":\"https:\/\/anoiaturisme.cat\/#website\"},\"primaryImageOfPage\":{\"@id\":\"https:\/\/anoiaturisme.cat\/es\/ruta1_segur_qr\/#primaryimage\"},\"image\":{\"@id\":\"https:\/\/anoiaturisme.cat\/es\/ruta1_segur_qr\/#primaryimage\"},\"thumbnailUrl\":\"http:\/\/anoiaturisme.cat\/wp-content\/themes\/AnoiaTurisme\/library\/images\/Terra-de-Castells\/Ruta1\/cardona.jpg\",\"datePublished\":\"2015-11-24T11:28:34+00:00\",\"dateModified\":\"2016-04-20T09:22:08+00:00\",\"breadcrumb\":{\"@id\":\"https:\/\/anoiaturisme.cat\/es\/ruta1_segur_qr\/#breadcrumb\"},\"inLanguage\":\"es\",\"potentialAction\":[{\"@type\":\"ReadAction\",\"target\":[\"https:\/\/anoiaturisme.cat\/es\/ruta1_segur_qr\/\"]}]},{\"@type\":\"ImageObject\",\"inLanguage\":\"es\",\"@id\":\"https:\/\/anoiaturisme.cat\/es\/ruta1_segur_qr\/#primaryimage\",\"url\":\"http:\/\/anoiaturisme.cat\/wp-content\/themes\/AnoiaTurisme\/library\/images\/Terra-de-Castells\/Ruta1\/cardona.jpg\",\"contentUrl\":\"http:\/\/anoiaturisme.cat\/wp-content\/themes\/AnoiaTurisme\/library\/images\/Terra-de-Castells\/Ruta1\/cardona.jpg\"},{\"@type\":\"BreadcrumbList\",\"@id\":\"https:\/\/anoiaturisme.cat\/es\/ruta1_segur_qr\/#breadcrumb\",\"itemListElement\":[{\"@type\":\"ListItem\",\"position\":1,\"name\":\"Inici\",\"item\":\"https:\/\/anoiaturisme.cat\/es\/\"},{\"@type\":\"ListItem\",\"position\":2,\"name\":\"Ruta1_Segur_QR\"}]},{\"@type\":\"WebSite\",\"@id\":\"https:\/\/anoiaturisme.cat\/#website\",\"url\":\"https:\/\/anoiaturisme.cat\/\",\"name\":\"Anoia Turisme\",\"description\":\"Vine a con\u00e8xier l&#039;Anoia!\",\"potentialAction\":[{\"@type\":\"SearchAction\",\"target\":{\"@type\":\"EntryPoint\",\"urlTemplate\":\"https:\/\/anoiaturisme.cat\/?s={search_term_string}\"},\"query-input\":{\"@type\":\"PropertyValueSpecification\",\"valueRequired\":true,\"valueName\":\"search_term_string\"}}],\"inLanguage\":\"es\"}]}<\/script>\n<!-- \/ Yoast SEO plugin. -->","yoast_head_json":{"title":"Ruta1_Segur_QR &#183; Anoia Turisme","robots":{"index":"index","follow":"follow","max-snippet":"max-snippet:-1","max-image-preview":"max-image-preview:large","max-video-preview":"max-video-preview:-1"},"canonical":"https:\/\/anoiaturisme.cat\/es\/ruta1_segur_qr\/","og_locale":"es_ES","og_type":"article","og_title":"Ruta1_Segur_QR &#183; Anoia Turisme","og_description":"Bernat Amat de Claramunt [accordion] [toggle title=\u00bbAPARIENCIA\u00bb] [\/toggle] [toggle title=\u00bbBIOGRAFI\u0301A\u00bb] Bernat Amat de Claramunt Antes de nacer, Bernat Amat de Claramunt ya ten\u00eda el mundo a sus pies, pero era un mundo cambiante. Su familia, los Claramunt, ten\u00eda el favor de los condes de Barcelona, de los que hab\u00eda recibido el t\u00edtulo de vizcondes de... Read more &raquo;","og_url":"https:\/\/anoiaturisme.cat\/es\/ruta1_segur_qr\/","og_site_name":"Anoia Turisme","article_publisher":"https:\/\/www.facebook.com\/anoiaturisme\/","article_modified_time":"2016-04-20T09:22:08+00:00","og_image":[{"url":"http:\/\/anoiaturisme.cat\/wp-content\/themes\/AnoiaTurisme\/library\/images\/Terra-de-Castells\/Ruta1\/cardona.jpg","type":"","width":"","height":""}],"twitter_card":"summary_large_image","twitter_site":"@anoia_turisme","twitter_misc":{"Tiempo de lectura":"2 minutos"},"schema":{"@context":"https:\/\/schema.org","@graph":[{"@type":"WebPage","@id":"https:\/\/anoiaturisme.cat\/es\/ruta1_segur_qr\/","url":"https:\/\/anoiaturisme.cat\/es\/ruta1_segur_qr\/","name":"Ruta1_Segur_QR &#183; Anoia Turisme","isPartOf":{"@id":"https:\/\/anoiaturisme.cat\/#website"},"primaryImageOfPage":{"@id":"https:\/\/anoiaturisme.cat\/es\/ruta1_segur_qr\/#primaryimage"},"image":{"@id":"https:\/\/anoiaturisme.cat\/es\/ruta1_segur_qr\/#primaryimage"},"thumbnailUrl":"http:\/\/anoiaturisme.cat\/wp-content\/themes\/AnoiaTurisme\/library\/images\/Terra-de-Castells\/Ruta1\/cardona.jpg","datePublished":"2015-11-24T11:28:34+00:00","dateModified":"2016-04-20T09:22:08+00:00","breadcrumb":{"@id":"https:\/\/anoiaturisme.cat\/es\/ruta1_segur_qr\/#breadcrumb"},"inLanguage":"es","potentialAction":[{"@type":"ReadAction","target":["https:\/\/anoiaturisme.cat\/es\/ruta1_segur_qr\/"]}]},{"@type":"ImageObject","inLanguage":"es","@id":"https:\/\/anoiaturisme.cat\/es\/ruta1_segur_qr\/#primaryimage","url":"http:\/\/anoiaturisme.cat\/wp-content\/themes\/AnoiaTurisme\/library\/images\/Terra-de-Castells\/Ruta1\/cardona.jpg","contentUrl":"http:\/\/anoiaturisme.cat\/wp-content\/themes\/AnoiaTurisme\/library\/images\/Terra-de-Castells\/Ruta1\/cardona.jpg"},{"@type":"BreadcrumbList","@id":"https:\/\/anoiaturisme.cat\/es\/ruta1_segur_qr\/#breadcrumb","itemListElement":[{"@type":"ListItem","position":1,"name":"Inici","item":"https:\/\/anoiaturisme.cat\/es\/"},{"@type":"ListItem","position":2,"name":"Ruta1_Segur_QR"}]},{"@type":"WebSite","@id":"https:\/\/anoiaturisme.cat\/#website","url":"https:\/\/anoiaturisme.cat\/","name":"Anoia Turisme","description":"Vine a con\u00e8xier l&#039;Anoia!","potentialAction":[{"@type":"SearchAction","target":{"@type":"EntryPoint","urlTemplate":"https:\/\/anoiaturisme.cat\/?s={search_term_string}"},"query-input":{"@type":"PropertyValueSpecification","valueRequired":true,"valueName":"search_term_string"}}],"inLanguage":"es"}]}},"_links":{"self":[{"href":"https:\/\/anoiaturisme.cat\/es\/wp-json\/wp\/v2\/pages\/4751","targetHints":{"allow":["GET"]}}],"collection":[{"href":"https:\/\/anoiaturisme.cat\/es\/wp-json\/wp\/v2\/pages"}],"about":[{"href":"https:\/\/anoiaturisme.cat\/es\/wp-json\/wp\/v2\/types\/page"}],"author":[{"embeddable":true,"href":"https:\/\/anoiaturisme.cat\/es\/wp-json\/wp\/v2\/users\/1"}],"replies":[{"embeddable":true,"href":"https:\/\/anoiaturisme.cat\/es\/wp-json\/wp\/v2\/comments?post=4751"}],"version-history":[{"count":0,"href":"https:\/\/anoiaturisme.cat\/es\/wp-json\/wp\/v2\/pages\/4751\/revisions"}],"wp:attachment":[{"href":"https:\/\/anoiaturisme.cat\/es\/wp-json\/wp\/v2\/media?parent=4751"}],"curies":[{"name":"wp","href":"https:\/\/api.w.org\/{rel}","templated":true}]}}